{"id":762,"date":"2018-03-27T05:56:10","date_gmt":"2018-03-27T05:56:10","guid":{"rendered":"https:\/\/www.orland.no\/?page_id=762"},"modified":"2022-05-18T12:47:53","modified_gmt":"2022-05-18T12:47:53","slug":"kunst","status":"publish","type":"page","link":"http:\/\/audun.teks.no\/en\/kunst\/","title":{"rendered":"Kunst"},"content":{"rendered":"<style type=\"text\/css\">\n\t\t\t#gallery-2 {\n\t\t\t\tmargin: auto;\n\t\t\t}\n\t\t\t#gallery-2 .gallery-item {\n\t\t\t\tfloat: left;\n\t\t\t\tmargin-top: 10px;\n\t\t\t\ttext-align: center;\n\t\t\t\twidth: 33%;\n\t\t\t}\n\t\t\t#gallery-2 img {\n\t\t\t\tborder: 2px solid #cfcfcf;\n\t\t\t}\n\t\t\t#gallery-2 .gallery-caption {\n\t\t\t\tmargin-left: 0;\n\t\t\t}\n\t\t\t\/* see gallery_shortcode() in wp-includes\/media.php *\/\n\t\t<\/style>\n\t\t<div id='gallery-2' class='gallery galleryid-762 gallery-columns-3 gallery-size-thumbnail'><dl class='gallery-item'>\n\t\t\t<dt class='gallery-icon landscape'>\n\t\t\t\t<a href=\"https:\/\/orlandkultursenter.no\/hannah-ryggen-senteret\/\" target=\"_blank\" class=\"set-target no-lightbox\"><img loading=\"lazy\" decoding=\"async\" width=\"150\" height=\"150\" src=\"http:\/\/audun.teks.no\/wp-content\/uploads\/2018\/03\/Hanna-150x150.jpg\" class=\"attachment-thumbnail size-thumbnail\" alt=\"\" aria-describedby=\"gallery-2-764\" \/><\/a>\n\t\t\t<\/dt>\n\t\t\t\t<dd class='wp-caption-text gallery-caption' id='gallery-2-764'>\n\t\t\t\tHannah Ryggen senteret\n\t\t\t\t<\/dd><\/dl><dl class='gallery-item'>\n\t\t\t<dt class='gallery-icon landscape'>\n\t\t\t\t<a href=\"http:\/\/www.galleri-empati.no\/\" target=\"_blank\" class=\"set-target no-lightbox\"><img loading=\"lazy\" decoding=\"async\" width=\"150\" height=\"150\" src=\"http:\/\/audun.teks.no\/wp-content\/uploads\/2018\/03\/logo_galleri_empati-150x150.jpg\" class=\"attachment-thumbnail size-thumbnail\" alt=\"\" aria-describedby=\"gallery-2-765\" \/><\/a>\n\t\t\t<\/dt>\n\t\t\t\t<dd class='wp-caption-text gallery-caption' id='gallery-2-765'>\n\t\t\t\tGallery Empati (Empathy)\n\t\t\t\t<\/dd><\/dl><dl class='gallery-item'>\n\t\t\t<dt class='gallery-icon landscape'>\n\t\t\t\t<a href=\"https:\/\/orlandkultursenter.no\/galleri-hans\/\" target=\"_blank\" class=\"set-target no-lightbox\"><img loading=\"lazy\" decoding=\"async\" width=\"150\" height=\"150\" src=\"http:\/\/audun.teks.no\/wp-content\/uploads\/2018\/03\/Galleri-hans-b-150x150.jpg\" class=\"attachment-thumbnail size-thumbnail\" alt=\"\" aria-describedby=\"gallery-2-768\" srcset=\"http:\/\/audun.teks.no\/wp-content\/uploads\/2018\/03\/Galleri-hans-b-150x150.jpg 150w, http:\/\/audun.teks.no\/wp-content\/uploads\/2018\/03\/Galleri-hans-b-300x300.jpg 300w, http:\/\/audun.teks.no\/wp-content\/uploads\/2018\/03\/Galleri-hans-b.jpg 320w\" sizes=\"auto, (max-width: 150px) 100vw, 150px\" \/><\/a>\n\t\t\t<\/dt>\n\t\t\t\t<dd class='wp-caption-text gallery-caption' id='gallery-2-768'>\n\t\t\t\tGallery Hans\n\t\t\t\t<\/dd><\/dl><br style=\"clear: both\" \/><dl class='gallery-item'>\n\t\t\t<dt class='gallery-icon portrait'>\n\t\t\t\t<a href=\"http:\/\/audun.teks.no\/en\/astrid-dahlsveen-bakken-skulpturer\/\" target=\"_blank\" class=\"set-target no-lightbox\"><img loading=\"lazy\" decoding=\"async\" width=\"150\" height=\"150\" src=\"http:\/\/audun.teks.no\/wp-content\/uploads\/2018\/03\/20180327_082850-opp-150x150.jpg\" class=\"attachment-thumbnail size-thumbnail\" alt=\"\" aria-describedby=\"gallery-2-778\" \/><\/a>\n\t\t\t<\/dt>\n\t\t\t\t<dd class='wp-caption-text gallery-caption' id='gallery-2-778'>\n\t\t\t\tAstrid Dahlsveen skulpturer\n\t\t\t\t<\/dd><\/dl><dl class='gallery-item'>\n\t\t\t<dt class='gallery-icon landscape'>\n\t\t\t\t<a href=\"https:\/\/gallerimolo.no\/\" target=\"_blank\" class=\"set-target no-lightbox\"><img loading=\"lazy\" decoding=\"async\" width=\"150\" height=\"150\" src=\"http:\/\/audun.teks.no\/wp-content\/uploads\/2018\/03\/Galleri-molo-150x150.jpg\" class=\"attachment-thumbnail size-thumbnail\" alt=\"\" aria-describedby=\"gallery-2-769\" srcset=\"http:\/\/audun.teks.no\/wp-content\/uploads\/2018\/03\/Galleri-molo-150x150.jpg 150w, http:\/\/audun.teks.no\/wp-content\/uploads\/2018\/03\/Galleri-molo-300x300.jpg 300w, http:\/\/audun.teks.no\/wp-content\/uploads\/2018\/03\/Galleri-molo-768x768.jpg 768w, http:\/\/audun.teks.no\/wp-content\/uploads\/2018\/03\/Galleri-molo.jpg 960w\" sizes=\"auto, (max-width: 150px) 100vw, 150px\" \/><\/a>\n\t\t\t<\/dt>\n\t\t\t\t<dd class='wp-caption-text gallery-caption' id='gallery-2-769'>\n\t\t\t\tGalleri molo\n\t\t\t\t<\/dd><\/dl><dl class='gallery-item'>\n\t\t\t<dt class='gallery-icon landscape'>\n\t\t\t\t<a href=\"http:\/\/infotorgene.no\/orland\/opplev-orland\/45271463\/reilo_design\" target=\"_blank\" class=\"set-target no-lightbox\"><img loading=\"lazy\" decoding=\"async\" width=\"150\" height=\"150\" src=\"http:\/\/audun.teks.no\/wp-content\/uploads\/2018\/03\/Atle-Reilo-150x150.png\" class=\"attachment-thumbnail size-thumbnail\" alt=\"\" aria-describedby=\"gallery-2-775\" \/><\/a>\n\t\t\t<\/dt>\n\t\t\t\t<dd class='wp-caption-text gallery-caption' id='gallery-2-775'>\n\t\t\t\tDen forbl\u00e5ste omvei &#8211; Atle Reilo \n\t\t\t\t<\/dd><\/dl><br style=\"clear: both\" \/>\n\t\t<\/div>\n\n\n\n<p>Den verdenskjente Hannah Ryggen skapte sin vevkunst p\u00e5 \u00d8rlandet &#8212;<a rel=\"noreferrer noopener\" aria-label=\"Klikk her for en nylig artikkel fra New York Times (\u00e5pner i en ny fane)\" href=\"https:\/\/www.nytimes.com\/2017\/12\/01\/arts\/hannah-ryggen-wove-politics-into-her-gorgeous-tapestries.html\" target=\"_blank\">Klikk her for en 2017 artikkel fra the New York Times<\/a>.  Det er ogs\u00e5 mye annet som spennende innen kunst \u00e5 f\u00e5 med seg n\u00e5r man bes\u00f8ker \u00d8rland &#8212; Klikk p\u00e5 bildene over for mer informasjon.<\/p>","protected":false},"excerpt":{"rendered":"<p>Den verdenskjente Hannah Ryggen skapte sin vevkunst p\u00e5 \u00d8rlandet &#8212;Klikk her for en 2017 artikkel fra the New York Times. Det er ogs\u00e5 mye annet som spennende innen kunst \u00e5 f\u00e5 med seg n\u00e5r man bes\u00f8ker \u00d8rland &#8212; Klikk p\u00e5 bildene over for mer informasjon.<\/p>","protected":false},"author":4,"featured_media":520172,"parent":0,"menu_order":0,"comment_status":"closed","ping_status":"closed","template":"","meta":{"ngg_post_thumbnail":0,"footnotes":""},"class_list":["post-762","page","type-page","status-publish","has-post-thumbnail","hentry"],"yoast_head":"<!-- This site is optimized with the Yoast SEO plugin v26.8 - https:\/\/yoast.com\/product\/yoast-seo-wordpress\/ -->\n<title>Kunst - \u00d8rland-TEKS-tmp<\/title>\n<meta name=\"description\" content=\"Gode bo- og jobbmuligheter, kort vei til skole, jobb og fritidsaktiviteter uansett hvor i kommunen du bor. Bredt og variert aktivitetstilbud for store og sm\u00e5. Flytt bedriften eller etabler ny n\u00e6ring p\u00e5 \u00d8rlandet. Kommunen har byggeklart n\u00e6ringsareal b\u00e5de til salgs og til leie.\" \/>\n<meta name=\"robots\" content=\"noindex, follow, max-snippet:-1, max-image-preview:large, max-video-preview:-1\" \/>\n<meta property=\"og:locale\" content=\"en_US\" \/>\n<meta property=\"og:type\" content=\"article\" \/>\n<meta property=\"og:title\" content=\"Kunst - \u00d8rland-TEKS-tmp\" \/>\n<meta property=\"og:description\" content=\"Gode bo- og jobbmuligheter, kort vei til skole, jobb og fritidsaktiviteter uansett hvor i kommunen du bor. Bredt og variert aktivitetstilbud for store og sm\u00e5. Flytt bedriften eller etabler ny n\u00e6ring p\u00e5 \u00d8rlandet. Kommunen har byggeklart n\u00e6ringsareal b\u00e5de til salgs og til leie.\" \/>\n<meta property=\"og:url\" content=\"http:\/\/audun.teks.no\/en\/kunst\/\" \/>\n<meta property=\"og:site_name\" content=\"\u00d8rland-TEKS-tmp\" \/>\n<meta property=\"article:modified_time\" content=\"2022-05-18T12:47:53+00:00\" \/>\n<meta property=\"og:image\" content=\"http:\/\/audun.teks.no\/wp-content\/uploads\/2021\/02\/IMG-5974.jpg\" \/>\n\t<meta property=\"og:image:width\" content=\"2048\" \/>\n\t<meta property=\"og:image:height\" content=\"1594\" \/>\n\t<meta property=\"og:image:type\" content=\"image\/jpeg\" \/>\n<meta name=\"twitter:card\" content=\"summary_large_image\" \/>\n<meta name=\"twitter:label1\" content=\"Est. reading time\" \/>\n\t<meta name=\"twitter:data1\" content=\"1 minute\" \/>\n<script type=\"application\/ld+json\" class=\"yoast-schema-graph\">{\"@context\":\"https:\/\/schema.org\",\"@graph\":[{\"@type\":\"WebPage\",\"@id\":\"http:\/\/audun.teks.no\/kunst\/\",\"url\":\"http:\/\/audun.teks.no\/kunst\/\",\"name\":\"Kunst - \u00d8rland-TEKS-tmp\",\"isPartOf\":{\"@id\":\"http:\/\/audun.teks.no\/#website\"},\"primaryImageOfPage\":{\"@id\":\"http:\/\/audun.teks.no\/kunst\/#primaryimage\"},\"image\":{\"@id\":\"http:\/\/audun.teks.no\/kunst\/#primaryimage\"},\"thumbnailUrl\":\"http:\/\/audun.teks.no\/wp-content\/uploads\/2021\/02\/IMG-5974.jpg\",\"datePublished\":\"2018-03-27T05:56:10+00:00\",\"dateModified\":\"2022-05-18T12:47:53+00:00\",\"description\":\"Gode bo- og jobbmuligheter, kort vei til skole, jobb og fritidsaktiviteter uansett hvor i kommunen du bor. Bredt og variert aktivitetstilbud for store og sm\u00e5. Flytt bedriften eller etabler ny n\u00e6ring p\u00e5 \u00d8rlandet. Kommunen har byggeklart n\u00e6ringsareal b\u00e5de til salgs og til leie.\",\"breadcrumb\":{\"@id\":\"http:\/\/audun.teks.no\/kunst\/#breadcrumb\"},\"inLanguage\":\"en-US\",\"potentialAction\":[{\"@type\":\"ReadAction\",\"target\":[\"http:\/\/audun.teks.no\/kunst\/\"]}]},{\"@type\":\"ImageObject\",\"inLanguage\":\"en-US\",\"@id\":\"http:\/\/audun.teks.no\/kunst\/#primaryimage\",\"url\":\"http:\/\/audun.teks.no\/wp-content\/uploads\/2021\/02\/IMG-5974.jpg\",\"contentUrl\":\"http:\/\/audun.teks.no\/wp-content\/uploads\/2021\/02\/IMG-5974.jpg\",\"width\":2048,\"height\":1594},{\"@type\":\"BreadcrumbList\",\"@id\":\"http:\/\/audun.teks.no\/kunst\/#breadcrumb\",\"itemListElement\":[{\"@type\":\"ListItem\",\"position\":1,\"name\":\"Hjem\",\"item\":\"http:\/\/audun.teks.no\/\"},{\"@type\":\"ListItem\",\"position\":2,\"name\":\"Kunst\"}]},{\"@type\":\"WebSite\",\"@id\":\"http:\/\/audun.teks.no\/#website\",\"url\":\"http:\/\/audun.teks.no\/\",\"name\":\"\u00d8rland-TEKS-tmp\",\"description\":\"Velkommen til flotte kystopplevelser\",\"publisher\":{\"@id\":\"http:\/\/audun.teks.no\/#organization\"},\"potentialAction\":[{\"@type\":\"SearchAction\",\"target\":{\"@type\":\"EntryPoint\",\"urlTemplate\":\"http:\/\/audun.teks.no\/?s={search_term_string}\"},\"query-input\":{\"@type\":\"PropertyValueSpecification\",\"valueRequired\":true,\"valueName\":\"search_term_string\"}}],\"inLanguage\":\"en-US\"},{\"@type\":\"Organization\",\"@id\":\"http:\/\/audun.teks.no\/#organization\",\"name\":\"\u00d8rland\",\"url\":\"http:\/\/audun.teks.no\/\",\"logo\":{\"@type\":\"ImageObject\",\"inLanguage\":\"en-US\",\"@id\":\"http:\/\/audun.teks.no\/#\/schema\/logo\/image\/\",\"url\":\"http:\/\/audun.teks.no\/wp-content\/uploads\/2020\/04\/RORET-\u00d8rland-kulturforetak-KF.jpg\",\"contentUrl\":\"http:\/\/audun.teks.no\/wp-content\/uploads\/2020\/04\/RORET-\u00d8rland-kulturforetak-KF.jpg\",\"width\":1772,\"height\":969,\"caption\":\"\u00d8rland\"},\"image\":{\"@id\":\"http:\/\/audun.teks.no\/#\/schema\/logo\/image\/\"}}]}<\/script>\n<!-- \/ Yoast SEO plugin. -->","yoast_head_json":{"title":"Kunst - \u00d8rland-TEKS-tmp","description":"Gode bo- og jobbmuligheter, kort vei til skole, jobb og fritidsaktiviteter uansett hvor i kommunen du bor. Bredt og variert aktivitetstilbud for store og sm\u00e5. Flytt bedriften eller etabler ny n\u00e6ring p\u00e5 \u00d8rlandet. Kommunen har byggeklart n\u00e6ringsareal b\u00e5de til salgs og til leie.","robots":{"index":"noindex","follow":"follow","max-snippet":"max-snippet:-1","max-image-preview":"max-image-preview:large","max-video-preview":"max-video-preview:-1"},"og_locale":"en_US","og_type":"article","og_title":"Kunst - \u00d8rland-TEKS-tmp","og_description":"Gode bo- og jobbmuligheter, kort vei til skole, jobb og fritidsaktiviteter uansett hvor i kommunen du bor. Bredt og variert aktivitetstilbud for store og sm\u00e5. Flytt bedriften eller etabler ny n\u00e6ring p\u00e5 \u00d8rlandet. Kommunen har byggeklart n\u00e6ringsareal b\u00e5de til salgs og til leie.","og_url":"http:\/\/audun.teks.no\/en\/kunst\/","og_site_name":"\u00d8rland-TEKS-tmp","article_modified_time":"2022-05-18T12:47:53+00:00","og_image":[{"width":2048,"height":1594,"url":"http:\/\/audun.teks.no\/wp-content\/uploads\/2021\/02\/IMG-5974.jpg","type":"image\/jpeg"}],"twitter_card":"summary_large_image","twitter_misc":{"Est. reading time":"1 minute"},"schema":{"@context":"https:\/\/schema.org","@graph":[{"@type":"WebPage","@id":"http:\/\/audun.teks.no\/kunst\/","url":"http:\/\/audun.teks.no\/kunst\/","name":"Kunst - \u00d8rland-TEKS-tmp","isPartOf":{"@id":"http:\/\/audun.teks.no\/#website"},"primaryImageOfPage":{"@id":"http:\/\/audun.teks.no\/kunst\/#primaryimage"},"image":{"@id":"http:\/\/audun.teks.no\/kunst\/#primaryimage"},"thumbnailUrl":"http:\/\/audun.teks.no\/wp-content\/uploads\/2021\/02\/IMG-5974.jpg","datePublished":"2018-03-27T05:56:10+00:00","dateModified":"2022-05-18T12:47:53+00:00","description":"Gode bo- og jobbmuligheter, kort vei til skole, jobb og fritidsaktiviteter uansett hvor i kommunen du bor. Bredt og variert aktivitetstilbud for store og sm\u00e5. Flytt bedriften eller etabler ny n\u00e6ring p\u00e5 \u00d8rlandet. Kommunen har byggeklart n\u00e6ringsareal b\u00e5de til salgs og til leie.","breadcrumb":{"@id":"http:\/\/audun.teks.no\/kunst\/#breadcrumb"},"inLanguage":"en-US","potentialAction":[{"@type":"ReadAction","target":["http:\/\/audun.teks.no\/kunst\/"]}]},{"@type":"ImageObject","inLanguage":"en-US","@id":"http:\/\/audun.teks.no\/kunst\/#primaryimage","url":"http:\/\/audun.teks.no\/wp-content\/uploads\/2021\/02\/IMG-5974.jpg","contentUrl":"http:\/\/audun.teks.no\/wp-content\/uploads\/2021\/02\/IMG-5974.jpg","width":2048,"height":1594},{"@type":"BreadcrumbList","@id":"http:\/\/audun.teks.no\/kunst\/#breadcrumb","itemListElement":[{"@type":"ListItem","position":1,"name":"Hjem","item":"http:\/\/audun.teks.no\/"},{"@type":"ListItem","position":2,"name":"Kunst"}]},{"@type":"WebSite","@id":"http:\/\/audun.teks.no\/#website","url":"http:\/\/audun.teks.no\/","name":"\u00d8rland-TEKS-tmp","description":"Velkommen til flotte kystopplevelser","publisher":{"@id":"http:\/\/audun.teks.no\/#organization"},"potentialAction":[{"@type":"SearchAction","target":{"@type":"EntryPoint","urlTemplate":"http:\/\/audun.teks.no\/?s={search_term_string}"},"query-input":{"@type":"PropertyValueSpecification","valueRequired":true,"valueName":"search_term_string"}}],"inLanguage":"en-US"},{"@type":"Organization","@id":"http:\/\/audun.teks.no\/#organization","name":"\u00d8rland","url":"http:\/\/audun.teks.no\/","logo":{"@type":"ImageObject","inLanguage":"en-US","@id":"http:\/\/audun.teks.no\/#\/schema\/logo\/image\/","url":"http:\/\/audun.teks.no\/wp-content\/uploads\/2020\/04\/RORET-\u00d8rland-kulturforetak-KF.jpg","contentUrl":"http:\/\/audun.teks.no\/wp-content\/uploads\/2020\/04\/RORET-\u00d8rland-kulturforetak-KF.jpg","width":1772,"height":969,"caption":"\u00d8rland"},"image":{"@id":"http:\/\/audun.teks.no\/#\/schema\/logo\/image\/"}}]}},"acf":[],"_links":{"self":[{"href":"http:\/\/audun.teks.no\/en\/wp-json\/wp\/v2\/pages\/762","targetHints":{"allow":["GET"]}}],"collection":[{"href":"http:\/\/audun.teks.no\/en\/wp-json\/wp\/v2\/pages"}],"about":[{"href":"http:\/\/audun.teks.no\/en\/wp-json\/wp\/v2\/types\/page"}],"author":[{"embeddable":true,"href":"http:\/\/audun.teks.no\/en\/wp-json\/wp\/v2\/users\/4"}],"replies":[{"embeddable":true,"href":"http:\/\/audun.teks.no\/en\/wp-json\/wp\/v2\/comments?post=762"}],"version-history":[{"count":9,"href":"http:\/\/audun.teks.no\/en\/wp-json\/wp\/v2\/pages\/762\/revisions"}],"predecessor-version":[{"id":520663,"href":"http:\/\/audun.teks.no\/en\/wp-json\/wp\/v2\/pages\/762\/revisions\/520663"}],"wp:featuredmedia":[{"embeddable":true,"href":"http:\/\/audun.teks.no\/en\/wp-json\/wp\/v2\/media\/520172"}],"wp:attachment":[{"href":"http:\/\/audun.teks.no\/en\/wp-json\/wp\/v2\/media?parent=762"}],"curies":[{"name":"wp","href":"https:\/\/api.w.org\/{rel}","templated":true}]}}